{"id":3838,"date":"2025-08-08T21:25:11","date_gmt":"2025-08-08T19:25:11","guid":{"rendered":"https:\/\/solidarity.international\/?page_id=3838"},"modified":"2025-08-09T09:48:00","modified_gmt":"2025-08-09T07:48:00","slug":"uluslararasi-anarsist-mahkumlarla-dayanisma-haftasi-2025-23-30-agustos","status":"publish","type":"page","link":"https:\/\/solidarity.international\/index.php\/uluslararasi-anarsist-mahkumlarla-dayanisma-haftasi-2025-23-30-agustos\/","title":{"rendered":"Uluslararasi Anar\u015fist Mahkumlarla Dayan\u0131\u015fma\u00a0 Haftas\u0131 2025 \/\/ 23 &#8211; 30 A\u011fustos"},"content":{"rendered":"\n<figure class=\"wp-block-image size-large\"><img loading=\"lazy\" decoding=\"async\" width=\"745\" height=\"1024\" src=\"https:\/\/solidarity.international\/wp-content\/uploads\/2025\/08\/WOSWAP2025_turkish_web-745x1024.jpg\" alt=\"\" class=\"wp-image-3846\" srcset=\"https:\/\/solidarity.international\/wp-content\/uploads\/2025\/08\/WOSWAP2025_turkish_web-745x1024.jpg 745w, https:\/\/solidarity.international\/wp-content\/uploads\/2025\/08\/WOSWAP2025_turkish_web-218x300.jpg 218w, https:\/\/solidarity.international\/wp-content\/uploads\/2025\/08\/WOSWAP2025_turkish_web-768x1056.jpg 768w, https:\/\/solidarity.international\/wp-content\/uploads\/2025\/08\/WOSWAP2025_turkish_web.jpg 800w\" sizes=\"auto, (max-width: 745px) 100vw, 745px\" \/><\/figure>\n\n\n\n<hr class=\"wp-block-separator has-alpha-channel-opacity\"\/>\n\n\n\n<p>Y\u00fcksek \u00e7\u00f6z\u00fcn\u00fcrl\u00fckte yazd\u0131r\u0131labilir afi\u015f:<\/p>\n\n\n\n<div class=\"wp-block-file\"><a id=\"wp-block-file--media-e95e30e5-d055-45c6-8ddf-a32f806f676f\" href=\"https:\/\/solidarity.international\/wp-content\/uploads\/2025\/08\/WOSWAP2025_turkish_print.pdf\">WOSWAP2025_turkish_print<\/a><a href=\"https:\/\/solidarity.international\/wp-content\/uploads\/2025\/08\/WOSWAP2025_turkish_print.pdf\" class=\"wp-block-file__button wp-element-button\" download aria-describedby=\"wp-block-file--media-e95e30e5-d055-45c6-8ddf-a32f806f676f\">Download<\/a><\/div>\n\n\n\n<hr class=\"wp-block-separator has-alpha-channel-opacity\"\/>\n\n\n\n<h2 class=\"wp-block-heading\"><strong>Uluslararasi Anar\u015fist Mahkumlarla Dayan\u0131\u015fma&nbsp; Haftas\u0131 2025<\/strong><\/h2>\n\n\n\n<p>Anar\u015fist Mahkumlarla Dayan\u0131\u015fma Haftas\u0131 boyunca eylemler d\u00fczenlemeye \u00e7a\u011f\u0131r\u0131yoruz!<br>Etkinliklerinizi ve faaliyetlerinizi tillallarefree@riseup.net adresine g\u00f6nderin.<\/p>\n\n\n\n<p class=\"is-style-text-subtitle is-style-text-subtitle--1\"><strong>Hapishane Toplumuna Kar\u015f\u0131, Ba\u011flant\u0131ya ge\u00e7meye&nbsp; Do\u011fru<\/strong><\/p>\n\n\n\n<p>Hapishanenin d\u0131\u015f\u0131nda dururken, yabanc\u0131la\u015fma ve ayr\u0131l\u0131\u011f\u0131n ac\u0131 ger\u00e7e\u011fiyle kar\u015f\u0131 kar\u015f\u0131yay\u0131z. Bir duvar, bir \u00e7it, g\u00f6zetleme kuleleri, g\u00fcvenlik kameralar\u0131, beton kutular ve \u00e7elik kafesler, san\u0131k ve \u201csu\u00e7lu\u201dlar\u0131 toplumun geri kalan\u0131ndan ay\u0131rmak i\u00e7in in\u015fa edilmi\u015ftir. Devletlerin ideolojilerinden yola \u00e7\u0131karak olu\u015fturulan rehabilitasyon ve pi\u015fmanl\u0131k kavramlar\u0131, devletlerin iktidarlar\u0131n\u0131 korumak ve g\u00fcvence alt\u0131na almak, sabit ulusal kimliklerle b\u00f6lgeleri dondurmak ve kendi yasall\u0131k, ilerleme, ahlak ve kapitalist de\u011fer kavramlar\u0131n\u0131n d\u0131\u015f\u0131nda kalan her \u015feyi cezaland\u0131rmak i\u00e7in kullan\u0131l\u0131r. Mesele \u015fu ki, hapishanenin duvarlar\u0131n\u0131n d\u0131\u015f\u0131nda durdu\u011fumuzda, bunun dokunulabilir bir yap\u0131 oldu\u011funu fark ederiz. Bu bir duvar, beton, maddedir. Onu i\u015flevsel k\u0131lanlar canl\u0131 varl\u0131klard\u0131r&#8230; Evet, hapishaneler bizi izole eder, ama biz onlar\u0131 kabul etti\u011fimiz anda,bizleri izin verdi\u011fimiz kadar izole ederler. Duvarlar, dayatt\u0131klar\u0131 ayr\u0131l\u0131\u011f\u0131 unutup kabul etti\u011fimiz anda, d\u0131\u015far\u0131dakiler i\u00e7in sabit ve kal\u0131c\u0131 hale gelir. Zindanlar\u0131n&nbsp; i\u00e7indekiler unutamazlar, \u00e7\u00fcnk\u00fc her g\u00fcn i\u00e7erideki hayat\u0131n sert ger\u00e7ekli\u011fiyle y\u00fczle\u015firler. Devletler var oldu\u011fu s\u00fcrece hapishaneler de var olacak ve bizler kendimizi onlar\u0131n duvarlar\u0131 i\u00e7inde bulaca\u011f\u0131z.<\/p>\n\n\n\n<p>An\u0131lar\u0131 ya\u015fatarak, bizden \u00f6nce \u00f6len yolda\u015flar\u0131m\u0131z\u0131n m\u00fccadelesini ve ya\u015fam\u0131n\u0131 s\u00fcrd\u00fcr\u00fcyoruz, kafesler ve betonlarla ayr\u0131lm\u0131\u015f olanlar\u0131n fikirlerini ve eylemlerini ta\u015f\u0131yoruz, \u00f6zg\u00fcrl\u00fck aray\u0131\u015f\u0131nda bir ya\u015fam\u0131 olu\u015fturan sonsuz direni\u015f eylemlerinde s\u00fcreklilik ve ba\u011flant\u0131 yarat\u0131yoruz. Hapishaneler ve duvarlar\u0131 i\u00e7inde ger\u00e7ekle\u015fen m\u00fccadeleler, bu kolektif direni\u015f haf\u0131zas\u0131na s\u00fcrekli bir katk\u0131 sa\u011fl\u0131yor.&nbsp;<\/p>\n\n\n\n<p>\u0130ster totaliter diktat\u00f6rl\u00fcklerin ba\u011f\u0131rsaklar\u0131nda, ister devlet \u015fiddetinin farkl\u0131 bir versiyonuna&nbsp; sahip oldu\u011fu \u201csosyal demokrasi\u201dnin kalbinde olsun, devletler itaatsizlik ve direni\u015fin ate\u015fini s\u00f6nd\u00fcrmek i\u00e7in nefes almadan \u00e7al\u0131\u015f\u0131rlar; hatta onun yap\u0131lar\u0131n\u0131 delip ge\u00e7en fikirleriniz bile sizi onun ni\u015fan ald\u0131\u011f\u0131, bazen her \u015feyi denetleyen kontrol\u00fcn\u00fcn&nbsp; alt\u0131na sokabilir.<\/p>\n\n\n\n<p>Birbirimizin hayatlarina degiyor ve dostluklardan fikir al\u0131\u015fveri\u015fi ve diyaloga, ortak sald\u0131r\u0131 anlar\u0131na kadar bir\u00e7ok \u015fekilde dayan\u0131\u015fmanin sesini y\u00fckseltiyoruz. Yolda\u015flar\u0131m\u0131z izole de\u011fil, m\u00fccadelemizin s\u00fcrekli nefes alan par\u00e7alar\u0131 olarak kal\u0131yorlar.<\/p>\n\n\n\n<p>S\u0131n\u0131r duvarlar\u0131n\u0131 a\u015fanlara, ka\u00e7aklara, s\u00fcrg\u00fcnde olanlara, tecrit h\u00fccrelerinin en derinlerinde olanlara, eylem s\u0131ras\u0131nda \u00f6lenlere, su\u00e7lu ilan edilenlere dayan\u0131\u015fma i\u00e7indeyiz.<\/p>\n\n\n\n<p><strong>T\u00fcm hapishanelere kar\u015f\u0131.<\/strong><\/p>\n\n\n\n<p><strong>Birbirimizin hayatlarina dokunma aray\u0131\u015f\u0131nda gerginlik ve itaatsizlik dolu bir hayat\u0131 se\u00e7iyoruz.<\/strong><\/p>\n\n\n\n<p><strong>Ya\u015fam\u0131n g\u00fcc\u00fcn\u00fc g\u00f6memezsiniz!<\/strong><\/p>\n","protected":false},"excerpt":{"rendered":"<p>Y\u00fcksek \u00e7\u00f6z\u00fcn\u00fcrl\u00fckte yazd\u0131r\u0131labilir afi\u015f: Uluslararasi Anar\u015fist Mahkumlarla Dayan\u0131\u015fma&nbsp; Haftas\u0131 2025 Anar\u015fist Mahkumlarla Dayan\u0131\u015fma Haftas\u0131 boyunca eylemler d\u00fczenlemeye \u00e7a\u011f\u0131r\u0131yoruz!Etkinliklerinizi ve faaliyetlerinizi tillallarefree@riseup.net adresine g\u00f6nderin. Hapishane Toplumuna Kar\u015f\u0131, Ba\u011flant\u0131ya ge\u00e7meye&nbsp; Do\u011fru Hapishanenin d\u0131\u015f\u0131nda dururken, yabanc\u0131la\u015fma ve ayr\u0131l\u0131\u011f\u0131n ac\u0131 ger\u00e7e\u011fiyle kar\u015f\u0131 kar\u015f\u0131yay\u0131z. Bir duvar, bir \u00e7it, g\u00f6zetleme kuleleri, g\u00fcvenlik kameralar\u0131, beton kutular ve \u00e7elik kafesler, san\u0131k ve \u201csu\u00e7lu\u201dlar\u0131 [&hellip;]<\/p>\n","protected":false},"author":2,"featured_media":0,"parent":0,"menu_order":0,"comment_status":"closed","ping_status":"closed","template":"","meta":{"footnotes":""},"class_list":["post-3838","page","type-page","status-publish","hentry"],"_links":{"self":[{"href":"https:\/\/solidarity.international\/index.php\/wp-json\/wp\/v2\/pages\/3838","targetHints":{"allow":["GET"]}}],"collection":[{"href":"https:\/\/solidarity.international\/index.php\/wp-json\/wp\/v2\/pages"}],"about":[{"href":"https:\/\/solidarity.international\/index.php\/wp-json\/wp\/v2\/types\/page"}],"author":[{"embeddable":true,"href":"https:\/\/solidarity.international\/index.php\/wp-json\/wp\/v2\/users\/2"}],"replies":[{"embeddable":true,"href":"https:\/\/solidarity.international\/index.php\/wp-json\/wp\/v2\/comments?post=3838"}],"version-history":[{"count":2,"href":"https:\/\/solidarity.international\/index.php\/wp-json\/wp\/v2\/pages\/3838\/revisions"}],"predecessor-version":[{"id":3850,"href":"https:\/\/solidarity.international\/index.php\/wp-json\/wp\/v2\/pages\/3838\/revisions\/3850"}],"wp:attachment":[{"href":"https:\/\/solidarity.international\/index.php\/wp-json\/wp\/v2\/media?parent=3838"}],"curies":[{"name":"wp","href":"https:\/\/api.w.org\/{rel}","templated":true}]}}